{"id":161,"date":"2025-11-27T19:42:26","date_gmt":"2025-11-27T19:42:26","guid":{"rendered":"https:\/\/roots-to-soar.com\/?post_type=product&#038;p=161"},"modified":"2025-11-29T01:10:34","modified_gmt":"2025-11-29T01:10:34","slug":"navidad-calendario-del-adviento-personalizable","status":"publish","type":"product","link":"https:\/\/roots-to-soar.com\/es\/producto\/navidad-calendario-del-adviento-personalizable\/","title":{"rendered":"NAVIDAD &#8211; Calendario del Adviento personalizable"},"content":{"rendered":"<p data-start=\"2551\" data-end=\"2685\">Convierte la espera de la Navidad en un ritual lleno de alegr\u00eda y conexi\u00f3n gracias a este <strong data-start=\"2641\" data-end=\"2682\">calendario de Adviento personalizable<\/strong>.<\/p>\n<p data-start=\"2687\" data-end=\"2917\">El kit incluye <strong data-start=\"2702\" data-end=\"2729\">32 ideas de actividades<\/strong> para que puedas elegir las 24 que mejor se adaptan a vuestro ritmo, vuestro tiempo y vuestras posibilidades. Puedes numerarlas seg\u00fan tu agenda y organizar la experiencia como prefieras.<\/p>\n<p data-start=\"2919\" data-end=\"3028\">Adem\u00e1s, encontrar\u00e1s divertidas <strong data-start=\"2950\" data-end=\"2975\">adivinanzas navide\u00f1as<\/strong> para a\u00f1adir un toque de sorpresa y magia cada d\u00eda.<\/p>\n<p data-start=\"3030\" data-end=\"3183\">Con este calendario, cada ma\u00f1ana se transforma en una nueva oportunidad de compartir, re\u00edr y crear peque\u00f1os recuerdos que quedar\u00e1n grabados para siempre.<\/p>\n<h2 data-start=\"3185\" data-end=\"3230\"><strong data-start=\"3188\" data-end=\"3228\">Modo de empleo y detalles pr\u00e1cticos:<\/strong><\/h2>\n<p data-start=\"3231\" data-end=\"3682\">\u2022 Archivo PDF descargable inmediatamente<br data-start=\"3271\" data-end=\"3274\" \/>\u2022 Incluye: 32 actividades + adivinanzas de Navidad<br data-start=\"3324\" data-end=\"3327\" \/>\u2022 Formato A4 para imprimir<br data-start=\"3353\" data-end=\"3356\" \/>\u2022 Selecciona 24 actividades, impr\u00edmelas y num\u00e9ralas seg\u00fan tus horarios<br data-start=\"3426\" data-end=\"3429\" \/>\u2022 Pega una adivinanza detr\u00e1s de cada actividad<br data-start=\"3475\" data-end=\"3478\" \/>\u2022 Guarda cada tarjeta en un sobre numerado del 1 al 24<br data-start=\"3532\" data-end=\"3535\" \/>\u2022 Puedes colgarlas en una cuerda, en el \u00e1rbol o guardarlas en una caja bonita<br data-start=\"3612\" data-end=\"3615\" \/>\u2022 Una actividad lista para usar que aporta magia y uni\u00f3n familiar<\/p>","protected":false},"excerpt":{"rendered":"<p>Un PDF para imprimir y crear un calendario de Adviento \u00fanico, lleno de actividades, ternura y momentos especiales en familia.<\/p>","protected":false},"featured_media":162,"comment_status":"open","ping_status":"closed","template":"","meta":{"om_disable_all_campaigns":false,"_monsterinsights_skip_tracking":false},"product_brand":[],"product_cat":[19],"product_tag":[],"class_list":["post-161","product","type-product","status-publish","has-post-thumbnail","product_cat-non-classe","first","instock","sale","downloadable","virtual","purchasable","product-type-simple"],"aioseo_notices":[],"aioseo_head":"\n\t\t<!-- All in One SEO 5.0.1.1 - aioseo.com -->\n\t<meta name=\"description\" content=\"Un PDF para imprimir y crear un calendario de Adviento \u00fanico, lleno de actividades, ternura y momentos especiales en familia.\" \/>\n\t<meta name=\"robots\" content=\"max-image-preview:large\" \/>\n\t<link rel=\"canonical\" href=\"https:\/\/roots-to-soar.com\/es\/producto\/navidad-calendario-del-adviento-personalizable\/\" \/>\n\t<meta name=\"generator\" content=\"All in One SEO (AIOSEO) 5.0.1.1\" \/>\n\t\t<meta property=\"og:locale\" content=\"es_ES\" \/>\n\t\t<meta property=\"og:site_name\" content=\"roots-to-soar - Roots to Soar - Des racines pour s&#039;envoler - Arrels per volar - Ra\u00edces para volar\" \/>\n\t\t<meta property=\"og:type\" content=\"article\" \/>\n\t\t<meta property=\"og:title\" content=\"NAVIDAD \u2013 Calendario del Adviento personalizable - roots-to-soar\" \/>\n\t\t<meta property=\"og:description\" content=\"Un PDF para imprimir y crear un calendario de Adviento \u00fanico, lleno de actividades, ternura y momentos especiales en familia.\" \/>\n\t\t<meta property=\"og:url\" content=\"https:\/\/roots-to-soar.com\/es\/producto\/navidad-calendario-del-adviento-personalizable\/\" \/>\n\t\t<meta property=\"og:image\" content=\"https:\/\/roots-to-soar.com\/wp-content\/uploads\/2025\/11\/cropped-LOGO-TEXTE-scaled-1.png\" \/>\n\t\t<meta property=\"og:image:secure_url\" content=\"https:\/\/roots-to-soar.com\/wp-content\/uploads\/2025\/11\/cropped-LOGO-TEXTE-scaled-1.png\" \/>\n\t\t<meta property=\"article:published_time\" content=\"2025-11-27T19:42:26+00:00\" \/>\n\t\t<meta property=\"article:modified_time\" content=\"2025-11-29T01:10:34+00:00\" \/>\n\t\t<meta name=\"twitter:card\" content=\"summary_large_image\" \/>\n\t\t<meta name=\"twitter:title\" content=\"NAVIDAD \u2013 Calendario del Adviento personalizable - roots-to-soar\" \/>\n\t\t<meta name=\"twitter:description\" content=\"Un PDF para imprimir y crear un calendario de Adviento \u00fanico, lleno de actividades, ternura y momentos especiales en familia.\" \/>\n\t\t<meta name=\"twitter:image\" content=\"https:\/\/roots-to-soar.com\/wp-content\/uploads\/2025\/11\/cropped-LOGO-TEXTE-scaled-1.png\" \/>\n\t\t<script type=\"application\/ld+json\" class=\"aioseo-schema\">\n\t\t\t{\"@context\":\"https:\\\/\\\/schema.org\",\"@graph\":[{\"@type\":\"BreadcrumbList\",\"@id\":\"https:\\\/\\\/roots-to-soar.com\\\/es\\\/producto\\\/navidad-calendario-del-adviento-personalizable\\\/#breadcrumblist\",\"itemListElement\":[{\"@type\":\"ListItem\",\"@id\":\"https:\\\/\\\/roots-to-soar.com\\\/es#listItem\",\"position\":1,\"name\":\"Home\",\"item\":\"https:\\\/\\\/roots-to-soar.com\\\/es\",\"nextItem\":{\"@type\":\"ListItem\",\"@id\":\"https:\\\/\\\/roots-to-soar.com\\\/es\\\/categoria-producto\\\/non-classe\\\/#listItem\",\"name\":\"Non class\\u00e9\"}},{\"@type\":\"ListItem\",\"@id\":\"https:\\\/\\\/roots-to-soar.com\\\/es\\\/categoria-producto\\\/non-classe\\\/#listItem\",\"position\":2,\"name\":\"Non class\\u00e9\",\"item\":\"https:\\\/\\\/roots-to-soar.com\\\/es\\\/categoria-producto\\\/non-classe\\\/\",\"nextItem\":{\"@type\":\"ListItem\",\"@id\":\"https:\\\/\\\/roots-to-soar.com\\\/es\\\/producto\\\/navidad-calendario-del-adviento-personalizable\\\/#listItem\",\"name\":\"NAVIDAD &#8211; Calendario del Adviento personalizable\"},\"previousItem\":{\"@type\":\"ListItem\",\"@id\":\"https:\\\/\\\/roots-to-soar.com\\\/es#listItem\",\"name\":\"Home\"}},{\"@type\":\"ListItem\",\"@id\":\"https:\\\/\\\/roots-to-soar.com\\\/es\\\/producto\\\/navidad-calendario-del-adviento-personalizable\\\/#listItem\",\"position\":3,\"name\":\"NAVIDAD &#8211; Calendario del Adviento personalizable\",\"previousItem\":{\"@type\":\"ListItem\",\"@id\":\"https:\\\/\\\/roots-to-soar.com\\\/es\\\/categoria-producto\\\/non-classe\\\/#listItem\",\"name\":\"Non class\\u00e9\"}}]},{\"@type\":\"ItemPage\",\"@id\":\"https:\\\/\\\/roots-to-soar.com\\\/es\\\/producto\\\/navidad-calendario-del-adviento-personalizable\\\/#itempage\",\"url\":\"https:\\\/\\\/roots-to-soar.com\\\/es\\\/producto\\\/navidad-calendario-del-adviento-personalizable\\\/\",\"name\":\"NAVIDAD \\u2013 Calendario del Adviento personalizable - roots-to-soar\",\"description\":\"Un PDF para imprimir y crear un calendario de Adviento \\u00fanico, lleno de actividades, ternura y momentos especiales en familia.\",\"inLanguage\":\"es-ES\",\"isPartOf\":{\"@id\":\"https:\\\/\\\/roots-to-soar.com\\\/es\\\/#website\"},\"breadcrumb\":{\"@id\":\"https:\\\/\\\/roots-to-soar.com\\\/es\\\/producto\\\/navidad-calendario-del-adviento-personalizable\\\/#breadcrumblist\"},\"image\":{\"@type\":\"ImageObject\",\"url\":\"https:\\\/\\\/roots-to-soar.com\\\/wp-content\\\/uploads\\\/2025\\\/11\\\/foto-cal-avent-esp.png\",\"@id\":\"https:\\\/\\\/roots-to-soar.com\\\/es\\\/producto\\\/navidad-calendario-del-adviento-personalizable\\\/#mainImage\",\"width\":846,\"height\":586},\"primaryImageOfPage\":{\"@id\":\"https:\\\/\\\/roots-to-soar.com\\\/es\\\/producto\\\/navidad-calendario-del-adviento-personalizable\\\/#mainImage\"},\"datePublished\":\"2025-11-27T19:42:26+00:00\",\"dateModified\":\"2025-11-29T01:10:34+00:00\"},{\"@type\":\"Organization\",\"@id\":\"https:\\\/\\\/roots-to-soar.com\\\/es\\\/#organization\",\"name\":\"roots-to-soar\",\"description\":\"Roots to Soar - Des racines pour s'envoler - Arrels per volar - Ra\\u00edces para volar\",\"url\":\"https:\\\/\\\/roots-to-soar.com\\\/es\\\/\",\"logo\":{\"@type\":\"ImageObject\",\"url\":\"https:\\\/\\\/roots-to-soar.com\\\/wp-content\\\/uploads\\\/2025\\\/11\\\/cropped-LOGO-TEXTE-scaled-1.png\",\"@id\":\"https:\\\/\\\/roots-to-soar.com\\\/es\\\/producto\\\/navidad-calendario-del-adviento-personalizable\\\/#organizationLogo\",\"width\":1565,\"height\":1625},\"image\":{\"@id\":\"https:\\\/\\\/roots-to-soar.com\\\/es\\\/producto\\\/navidad-calendario-del-adviento-personalizable\\\/#organizationLogo\"}},{\"@type\":\"WebSite\",\"@id\":\"https:\\\/\\\/roots-to-soar.com\\\/es\\\/#website\",\"url\":\"https:\\\/\\\/roots-to-soar.com\\\/es\\\/\",\"name\":\"roots-to-soar\",\"description\":\"Roots to Soar - Des racines pour s'envoler - Arrels per volar - Ra\\u00edces para volar\",\"inLanguage\":\"es-ES\",\"publisher\":{\"@id\":\"https:\\\/\\\/roots-to-soar.com\\\/es\\\/#organization\"}}]}\n\t\t<\/script>\n\t\t<!-- All in One SEO -->\n\n","aioseo_head_json":{"title":"NAVIDAD \u2013 Calendario del Adviento personalizable - roots-to-soar","description":"Un PDF para imprimir y crear un calendario de Adviento \u00fanico, lleno de actividades, ternura y momentos especiales en familia.","canonical_url":"https:\/\/roots-to-soar.com\/es\/producto\/navidad-calendario-del-adviento-personalizable\/","robots":"max-image-preview:large","keywords":"","webmasterTools":{"miscellaneous":""},"schema":{"@context":"https:\/\/schema.org","@graph":[{"@type":"BreadcrumbList","@id":"https:\/\/roots-to-soar.com\/es\/producto\/navidad-calendario-del-adviento-personalizable\/#breadcrumblist","itemListElement":[{"@type":"ListItem","@id":"https:\/\/roots-to-soar.com\/es#listItem","position":1,"name":"Home","item":"https:\/\/roots-to-soar.com\/es","nextItem":{"@type":"ListItem","@id":"https:\/\/roots-to-soar.com\/es\/categoria-producto\/non-classe\/#listItem","name":"Non class\u00e9"}},{"@type":"ListItem","@id":"https:\/\/roots-to-soar.com\/es\/categoria-producto\/non-classe\/#listItem","position":2,"name":"Non class\u00e9","item":"https:\/\/roots-to-soar.com\/es\/categoria-producto\/non-classe\/","nextItem":{"@type":"ListItem","@id":"https:\/\/roots-to-soar.com\/es\/producto\/navidad-calendario-del-adviento-personalizable\/#listItem","name":"NAVIDAD &#8211; Calendario del Adviento personalizable"},"previousItem":{"@type":"ListItem","@id":"https:\/\/roots-to-soar.com\/es#listItem","name":"Home"}},{"@type":"ListItem","@id":"https:\/\/roots-to-soar.com\/es\/producto\/navidad-calendario-del-adviento-personalizable\/#listItem","position":3,"name":"NAVIDAD &#8211; Calendario del Adviento personalizable","previousItem":{"@type":"ListItem","@id":"https:\/\/roots-to-soar.com\/es\/categoria-producto\/non-classe\/#listItem","name":"Non class\u00e9"}}]},{"@type":"ItemPage","@id":"https:\/\/roots-to-soar.com\/es\/producto\/navidad-calendario-del-adviento-personalizable\/#itempage","url":"https:\/\/roots-to-soar.com\/es\/producto\/navidad-calendario-del-adviento-personalizable\/","name":"NAVIDAD \u2013 Calendario del Adviento personalizable - roots-to-soar","description":"Un PDF para imprimir y crear un calendario de Adviento \u00fanico, lleno de actividades, ternura y momentos especiales en familia.","inLanguage":"es-ES","isPartOf":{"@id":"https:\/\/roots-to-soar.com\/es\/#website"},"breadcrumb":{"@id":"https:\/\/roots-to-soar.com\/es\/producto\/navidad-calendario-del-adviento-personalizable\/#breadcrumblist"},"image":{"@type":"ImageObject","url":"https:\/\/roots-to-soar.com\/wp-content\/uploads\/2025\/11\/foto-cal-avent-esp.png","@id":"https:\/\/roots-to-soar.com\/es\/producto\/navidad-calendario-del-adviento-personalizable\/#mainImage","width":846,"height":586},"primaryImageOfPage":{"@id":"https:\/\/roots-to-soar.com\/es\/producto\/navidad-calendario-del-adviento-personalizable\/#mainImage"},"datePublished":"2025-11-27T19:42:26+00:00","dateModified":"2025-11-29T01:10:34+00:00"},{"@type":"Organization","@id":"https:\/\/roots-to-soar.com\/es\/#organization","name":"roots-to-soar","description":"Roots to Soar - Des racines pour s'envoler - Arrels per volar - Ra\u00edces para volar","url":"https:\/\/roots-to-soar.com\/es\/","logo":{"@type":"ImageObject","url":"https:\/\/roots-to-soar.com\/wp-content\/uploads\/2025\/11\/cropped-LOGO-TEXTE-scaled-1.png","@id":"https:\/\/roots-to-soar.com\/es\/producto\/navidad-calendario-del-adviento-personalizable\/#organizationLogo","width":1565,"height":1625},"image":{"@id":"https:\/\/roots-to-soar.com\/es\/producto\/navidad-calendario-del-adviento-personalizable\/#organizationLogo"}},{"@type":"WebSite","@id":"https:\/\/roots-to-soar.com\/es\/#website","url":"https:\/\/roots-to-soar.com\/es\/","name":"roots-to-soar","description":"Roots to Soar - Des racines pour s'envoler - Arrels per volar - Ra\u00edces para volar","inLanguage":"es-ES","publisher":{"@id":"https:\/\/roots-to-soar.com\/es\/#organization"}}]},"og:locale":"es_ES","og:site_name":"roots-to-soar - Roots to Soar - Des racines pour s'envoler - Arrels per volar - Ra\u00edces para volar","og:type":"article","og:title":"NAVIDAD \u2013 Calendario del Adviento personalizable - roots-to-soar","og:description":"Un PDF para imprimir y crear un calendario de Adviento \u00fanico, lleno de actividades, ternura y momentos especiales en familia.","og:url":"https:\/\/roots-to-soar.com\/es\/producto\/navidad-calendario-del-adviento-personalizable\/","og:image":"https:\/\/roots-to-soar.com\/wp-content\/uploads\/2025\/11\/cropped-LOGO-TEXTE-scaled-1.png","og:image:secure_url":"https:\/\/roots-to-soar.com\/wp-content\/uploads\/2025\/11\/cropped-LOGO-TEXTE-scaled-1.png","article:published_time":"2025-11-27T19:42:26+00:00","article:modified_time":"2025-11-29T01:10:34+00:00","twitter:card":"summary_large_image","twitter:title":"NAVIDAD \u2013 Calendario del Adviento personalizable - roots-to-soar","twitter:description":"Un PDF para imprimir y crear un calendario de Adviento \u00fanico, lleno de actividades, ternura y momentos especiales en familia.","twitter:image":"https:\/\/roots-to-soar.com\/wp-content\/uploads\/2025\/11\/cropped-LOGO-TEXTE-scaled-1.png"},"aioseo_meta_data":{"post_id":"161","title":null,"description":null,"keywords":null,"keyphrases":{"focus":{"keyphrase":"navidad","score":80,"analysis":{"keyphraseInTitle":{"score":9,"maxScore":9,"error":0},"keyphraseInDescription":{"score":3,"maxScore":9,"error":1},"keyphraseLength":{"score":9,"maxScore":9,"error":0,"length":1},"keyphraseInURL":{"score":5,"maxScore":5,"error":0},"keyphraseInIntroduction":{"score":9,"maxScore":9,"error":0},"keyphraseInSubHeadings":{"score":3,"maxScore":9,"error":1},"keyphraseInImageAlt":[],"keywordDensity":{"type":"best","score":9,"maxScore":9,"error":0}}},"additional":[]},"primary_term":null,"canonical_url":null,"og_title":null,"og_description":null,"og_object_type":"default","og_image_type":"default","og_image_url":null,"og_image_width":null,"og_image_height":null,"og_image_custom_url":null,"og_image_custom_fields":null,"og_video":"","og_custom_url":null,"og_article_section":null,"og_article_tags":null,"twitter_use_og":false,"twitter_card":"default","twitter_image_type":"default","twitter_image_url":null,"twitter_image_custom_url":null,"twitter_image_custom_fields":null,"twitter_title":null,"twitter_description":null,"schema":{"blockGraphs":[],"customGraphs":[],"default":{"data":{"Article":[],"Course":[],"Dataset":[],"FAQPage":[],"Movie":[],"Person":[],"Product":[],"ProductReview":[],"Car":[],"Recipe":[],"Service":[],"SoftwareApplication":[],"WebPage":[]},"graphName":"ItemPage","isEnabled":true},"graphs":[]},"schema_type":"default","schema_type_options":null,"pillar_content":false,"robots_default":true,"robots_noindex":false,"robots_noarchive":false,"robots_nosnippet":false,"robots_nofollow":false,"robots_noimageindex":false,"robots_noodp":false,"robots_notranslate":false,"robots_max_snippet":"-1","robots_max_videopreview":"-1","robots_max_imagepreview":"large","priority":null,"frequency":"default","local_seo":null,"breadcrumb_settings":null,"limit_modified_date":false,"ai":{"faqs":[],"keyPoints":[],"titles":[],"descriptions":[],"socialPosts":{"email":[],"linkedin":[],"twitter":[],"facebook":[],"instagram":[]}},"created":"2025-11-27 19:41:56","updated":"2025-11-29 01:10:34","seo_analyzer_scan_date":null,"focus_keyword":"navidad","additional_keywords":null,"truseo_locale":null},"aioseo_breadcrumb":"<div class=\"aioseo-breadcrumbs\"><span class=\"aioseo-breadcrumb\">\n\t\t\t<a href=\"https:\/\/roots-to-soar.com\/es\" title=\"Home\">Home<\/a>\n\t\t<\/span><span class=\"aioseo-breadcrumb-separator\">&raquo;<\/span><span class=\"aioseo-breadcrumb\">\n\t\t\t<a href=\"https:\/\/roots-to-soar.com\/es\/categoria-producto\/non-classe\/\" title=\"Non class\u00e9\">Non class\u00e9<\/a>\n\t\t<\/span><span class=\"aioseo-breadcrumb-separator\">&raquo;<\/span><span class=\"aioseo-breadcrumb\">\n\t\t\tNAVIDAD \u2013 Calendario del Adviento personalizable\n\t\t<\/span><\/div>","aioseo_breadcrumb_json":[{"label":"Home","link":"https:\/\/roots-to-soar.com\/es"},{"label":"Non class\u00e9","link":"https:\/\/roots-to-soar.com\/es\/categoria-producto\/non-classe\/"},{"label":"NAVIDAD &#8211; Calendario del Adviento personalizable","link":"https:\/\/roots-to-soar.com\/es\/producto\/navidad-calendario-del-adviento-personalizable\/"}],"_links":{"self":[{"href":"https:\/\/roots-to-soar.com\/es\/wp-json\/wp\/v2\/product\/161","targetHints":{"allow":["GET"]}}],"collection":[{"href":"https:\/\/roots-to-soar.com\/es\/wp-json\/wp\/v2\/product"}],"about":[{"href":"https:\/\/roots-to-soar.com\/es\/wp-json\/wp\/v2\/types\/product"}],"replies":[{"embeddable":true,"href":"https:\/\/roots-to-soar.com\/es\/wp-json\/wp\/v2\/comments?post=161"}],"wp:featuredmedia":[{"embeddable":true,"href":"https:\/\/roots-to-soar.com\/es\/wp-json\/wp\/v2\/media\/162"}],"wp:attachment":[{"href":"https:\/\/roots-to-soar.com\/es\/wp-json\/wp\/v2\/media?parent=161"}],"wp:term":[{"taxonomy":"product_brand","embeddable":true,"href":"https:\/\/roots-to-soar.com\/es\/wp-json\/wp\/v2\/product_brand?post=161"},{"taxonomy":"product_cat","embeddable":true,"href":"https:\/\/roots-to-soar.com\/es\/wp-json\/wp\/v2\/product_cat?post=161"},{"taxonomy":"product_tag","embeddable":true,"href":"https:\/\/roots-to-soar.com\/es\/wp-json\/wp\/v2\/product_tag?post=161"}],"curies":[{"name":"wp","href":"https:\/\/api.w.org\/{rel}","templated":true}]}}