{"id":165,"date":"2025-11-27T19:48:18","date_gmt":"2025-11-27T19:48:18","guid":{"rendered":"https:\/\/roots-to-soar.com\/?post_type=product&#038;p=165"},"modified":"2025-11-29T01:10:34","modified_gmt":"2025-11-29T01:10:34","slug":"nadal-calendari-dadvent-personalitzable","status":"publish","type":"product","link":"https:\/\/roots-to-soar.com\/es\/producto\/nadal-calendari-dadvent-personalitzable\/","title":{"rendered":"NADAL &#8211; Calendari d&rsquo;Advent Personalitzable"},"content":{"rendered":"<p data-start=\"4043\" data-end=\"4164\">Transformeu l\u2019espera del Nadal en un temps ple d\u2019il\u00b7lusi\u00f3 i connexi\u00f3 amb aquest <strong data-start=\"4123\" data-end=\"4161\">calendari d\u2019Advent personalitzable<\/strong>.<\/p>\n<p data-start=\"4166\" data-end=\"4400\">El kit inclou <strong data-start=\"4180\" data-end=\"4205\">32 idees d\u2019activitats<\/strong> perqu\u00e8 pugueu triar les 24 que millor s\u2019adapten al vostre ritme, a la vostra agenda i a les vostres possibilitats. Podeu numerar-les segons les vostres necessitats i organitzar-les lliurement.<\/p>\n<p data-start=\"4402\" data-end=\"4518\">Tamb\u00e9 hi trobareu <strong data-start=\"4420\" data-end=\"4445\">endevinalles de Nadal<\/strong>, ideals per afegir sorpresa, rialles i m\u00e0gia a cada dia del calendari.<\/p>\n<p data-start=\"4520\" data-end=\"4629\">Una manera senzilla i plena d\u2019afecte de crear petits records i gaudir de la dol\u00e7or de l\u2019Advent, dia rere dia.<\/p>\n<h2 data-start=\"4631\" data-end=\"4680\"><strong data-start=\"4634\" data-end=\"4678\">Instruccions d\u2019\u00fas i informaci\u00f3 pr\u00e0ctica:<\/strong><\/h2>\n<p data-start=\"4681\" data-end=\"5157\">\u2022 PDF descarregable immediatament<br data-start=\"4714\" data-end=\"4717\" \/>\u2022 Inclou: 32 activitats + endevinalles de Nadal<br data-start=\"4764\" data-end=\"4767\" \/>\u2022 Format A4 per imprimir<br data-start=\"4791\" data-end=\"4794\" \/>\u2022 Trieu 24 activitats, imprimiu-les i numerar-les segons la vostra disponibilitat<br data-start=\"4875\" data-end=\"4878\" \/>\u2022 Enganxeu una endevinalla al darrere de cada activitat<br data-start=\"4933\" data-end=\"4936\" \/>\u2022 Guardeu cada targeta en un sobre numerat de l\u20191 al 24<br data-start=\"4991\" data-end=\"4994\" \/>\u2022 Podeu penjar els sobres d\u2019una corda, de l\u2019arbre o guardar-los en una capsa bonica<br data-start=\"5077\" data-end=\"5080\" \/>\u2022 Activitat llesta per utilitzar que aporta un toc de m\u00e0gia i uni\u00f3 familiar<\/p>","protected":false},"excerpt":{"rendered":"<p>Un PDF per imprimir i crear un calendari d\u2019Advent \u00fanic, ple d\u2019activitats, tendresa i moments compartits en fam\u00edlia.<\/p>","protected":false},"featured_media":167,"comment_status":"open","ping_status":"closed","template":"","meta":{"om_disable_all_campaigns":false,"_monsterinsights_skip_tracking":false},"product_brand":[],"product_cat":[19],"product_tag":[],"class_list":["post-165","product","type-product","status-publish","has-post-thumbnail","product_cat-non-classe","first","instock","sale","downloadable","virtual","purchasable","product-type-simple"],"aioseo_notices":[],"aioseo_head":"\n\t\t<!-- All in One SEO 5.0.1.1 - aioseo.com -->\n\t<meta name=\"description\" content=\"Un PDF per imprimir i crear un calendari d\u2019Advent \u00fanic, ple d\u2019activitats, tendresa i moments compartits en fam\u00edlia.\" \/>\n\t<meta name=\"robots\" content=\"max-image-preview:large\" \/>\n\t<link rel=\"canonical\" href=\"https:\/\/roots-to-soar.com\/es\/producto\/nadal-calendari-dadvent-personalitzable\/\" \/>\n\t<meta name=\"generator\" content=\"All in One SEO (AIOSEO) 5.0.1.1\" \/>\n\t\t<meta property=\"og:locale\" content=\"es_ES\" \/>\n\t\t<meta property=\"og:site_name\" content=\"roots-to-soar - Roots to Soar - Des racines pour s&#039;envoler - Arrels per volar - Ra\u00edces para volar\" \/>\n\t\t<meta property=\"og:type\" content=\"article\" \/>\n\t\t<meta property=\"og:title\" content=\"NADAL \u2013 Calendari d\u2019Advent Personalitzable - roots-to-soar\" \/>\n\t\t<meta property=\"og:description\" content=\"Un PDF per imprimir i crear un calendari d\u2019Advent \u00fanic, ple d\u2019activitats, tendresa i moments compartits en fam\u00edlia.\" \/>\n\t\t<meta property=\"og:url\" content=\"https:\/\/roots-to-soar.com\/es\/producto\/nadal-calendari-dadvent-personalitzable\/\" \/>\n\t\t<meta property=\"og:image\" content=\"https:\/\/roots-to-soar.com\/wp-content\/uploads\/2025\/11\/cropped-LOGO-TEXTE-scaled-1.png\" \/>\n\t\t<meta property=\"og:image:secure_url\" content=\"https:\/\/roots-to-soar.com\/wp-content\/uploads\/2025\/11\/cropped-LOGO-TEXTE-scaled-1.png\" \/>\n\t\t<meta property=\"article:published_time\" content=\"2025-11-27T19:48:18+00:00\" \/>\n\t\t<meta property=\"article:modified_time\" content=\"2025-11-29T01:10:34+00:00\" \/>\n\t\t<meta name=\"twitter:card\" content=\"summary_large_image\" \/>\n\t\t<meta name=\"twitter:title\" content=\"NADAL \u2013 Calendari d\u2019Advent Personalitzable - roots-to-soar\" \/>\n\t\t<meta name=\"twitter:description\" content=\"Un PDF per imprimir i crear un calendari d\u2019Advent \u00fanic, ple d\u2019activitats, tendresa i moments compartits en fam\u00edlia.\" \/>\n\t\t<meta name=\"twitter:image\" content=\"https:\/\/roots-to-soar.com\/wp-content\/uploads\/2025\/11\/cropped-LOGO-TEXTE-scaled-1.png\" \/>\n\t\t<script type=\"application\/ld+json\" class=\"aioseo-schema\">\n\t\t\t{\"@context\":\"https:\\\/\\\/schema.org\",\"@graph\":[{\"@type\":\"BreadcrumbList\",\"@id\":\"https:\\\/\\\/roots-to-soar.com\\\/es\\\/producto\\\/nadal-calendari-dadvent-personalitzable\\\/#breadcrumblist\",\"itemListElement\":[{\"@type\":\"ListItem\",\"@id\":\"https:\\\/\\\/roots-to-soar.com\\\/es#listItem\",\"position\":1,\"name\":\"Home\",\"item\":\"https:\\\/\\\/roots-to-soar.com\\\/es\",\"nextItem\":{\"@type\":\"ListItem\",\"@id\":\"https:\\\/\\\/roots-to-soar.com\\\/es\\\/categoria-producto\\\/non-classe\\\/#listItem\",\"name\":\"Non class\\u00e9\"}},{\"@type\":\"ListItem\",\"@id\":\"https:\\\/\\\/roots-to-soar.com\\\/es\\\/categoria-producto\\\/non-classe\\\/#listItem\",\"position\":2,\"name\":\"Non class\\u00e9\",\"item\":\"https:\\\/\\\/roots-to-soar.com\\\/es\\\/categoria-producto\\\/non-classe\\\/\",\"nextItem\":{\"@type\":\"ListItem\",\"@id\":\"https:\\\/\\\/roots-to-soar.com\\\/es\\\/producto\\\/nadal-calendari-dadvent-personalitzable\\\/#listItem\",\"name\":\"NADAL &#8211; Calendari d&rsquo;Advent Personalitzable\"},\"previousItem\":{\"@type\":\"ListItem\",\"@id\":\"https:\\\/\\\/roots-to-soar.com\\\/es#listItem\",\"name\":\"Home\"}},{\"@type\":\"ListItem\",\"@id\":\"https:\\\/\\\/roots-to-soar.com\\\/es\\\/producto\\\/nadal-calendari-dadvent-personalitzable\\\/#listItem\",\"position\":3,\"name\":\"NADAL &#8211; Calendari d&rsquo;Advent Personalitzable\",\"previousItem\":{\"@type\":\"ListItem\",\"@id\":\"https:\\\/\\\/roots-to-soar.com\\\/es\\\/categoria-producto\\\/non-classe\\\/#listItem\",\"name\":\"Non class\\u00e9\"}}]},{\"@type\":\"ItemPage\",\"@id\":\"https:\\\/\\\/roots-to-soar.com\\\/es\\\/producto\\\/nadal-calendari-dadvent-personalitzable\\\/#itempage\",\"url\":\"https:\\\/\\\/roots-to-soar.com\\\/es\\\/producto\\\/nadal-calendari-dadvent-personalitzable\\\/\",\"name\":\"NADAL \\u2013 Calendari d\\u2019Advent Personalitzable - roots-to-soar\",\"description\":\"Un PDF per imprimir i crear un calendari d\\u2019Advent \\u00fanic, ple d\\u2019activitats, tendresa i moments compartits en fam\\u00edlia.\",\"inLanguage\":\"es-ES\",\"isPartOf\":{\"@id\":\"https:\\\/\\\/roots-to-soar.com\\\/es\\\/#website\"},\"breadcrumb\":{\"@id\":\"https:\\\/\\\/roots-to-soar.com\\\/es\\\/producto\\\/nadal-calendari-dadvent-personalitzable\\\/#breadcrumblist\"},\"image\":{\"@type\":\"ImageObject\",\"url\":\"https:\\\/\\\/roots-to-soar.com\\\/wp-content\\\/uploads\\\/2025\\\/11\\\/foto-cal-avent-cat.png\",\"@id\":\"https:\\\/\\\/roots-to-soar.com\\\/es\\\/producto\\\/nadal-calendari-dadvent-personalitzable\\\/#mainImage\",\"width\":1025,\"height\":622},\"primaryImageOfPage\":{\"@id\":\"https:\\\/\\\/roots-to-soar.com\\\/es\\\/producto\\\/nadal-calendari-dadvent-personalitzable\\\/#mainImage\"},\"datePublished\":\"2025-11-27T19:48:18+00:00\",\"dateModified\":\"2025-11-29T01:10:34+00:00\"},{\"@type\":\"Organization\",\"@id\":\"https:\\\/\\\/roots-to-soar.com\\\/es\\\/#organization\",\"name\":\"roots-to-soar\",\"description\":\"Roots to Soar - Des racines pour s'envoler - Arrels per volar - Ra\\u00edces para volar\",\"url\":\"https:\\\/\\\/roots-to-soar.com\\\/es\\\/\",\"logo\":{\"@type\":\"ImageObject\",\"url\":\"https:\\\/\\\/roots-to-soar.com\\\/wp-content\\\/uploads\\\/2025\\\/11\\\/cropped-LOGO-TEXTE-scaled-1.png\",\"@id\":\"https:\\\/\\\/roots-to-soar.com\\\/es\\\/producto\\\/nadal-calendari-dadvent-personalitzable\\\/#organizationLogo\",\"width\":1565,\"height\":1625},\"image\":{\"@id\":\"https:\\\/\\\/roots-to-soar.com\\\/es\\\/producto\\\/nadal-calendari-dadvent-personalitzable\\\/#organizationLogo\"}},{\"@type\":\"WebSite\",\"@id\":\"https:\\\/\\\/roots-to-soar.com\\\/es\\\/#website\",\"url\":\"https:\\\/\\\/roots-to-soar.com\\\/es\\\/\",\"name\":\"roots-to-soar\",\"description\":\"Roots to Soar - Des racines pour s'envoler - Arrels per volar - Ra\\u00edces para volar\",\"inLanguage\":\"es-ES\",\"publisher\":{\"@id\":\"https:\\\/\\\/roots-to-soar.com\\\/es\\\/#organization\"}}]}\n\t\t<\/script>\n\t\t<!-- All in One SEO -->\n\n","aioseo_head_json":{"title":"NADAL \u2013 Calendari d\u2019Advent Personalitzable - roots-to-soar","description":"Un PDF per imprimir i crear un calendari d\u2019Advent \u00fanic, ple d\u2019activitats, tendresa i moments compartits en fam\u00edlia.","canonical_url":"https:\/\/roots-to-soar.com\/es\/producto\/nadal-calendari-dadvent-personalitzable\/","robots":"max-image-preview:large","keywords":"","webmasterTools":{"miscellaneous":""},"schema":{"@context":"https:\/\/schema.org","@graph":[{"@type":"BreadcrumbList","@id":"https:\/\/roots-to-soar.com\/es\/producto\/nadal-calendari-dadvent-personalitzable\/#breadcrumblist","itemListElement":[{"@type":"ListItem","@id":"https:\/\/roots-to-soar.com\/es#listItem","position":1,"name":"Home","item":"https:\/\/roots-to-soar.com\/es","nextItem":{"@type":"ListItem","@id":"https:\/\/roots-to-soar.com\/es\/categoria-producto\/non-classe\/#listItem","name":"Non class\u00e9"}},{"@type":"ListItem","@id":"https:\/\/roots-to-soar.com\/es\/categoria-producto\/non-classe\/#listItem","position":2,"name":"Non class\u00e9","item":"https:\/\/roots-to-soar.com\/es\/categoria-producto\/non-classe\/","nextItem":{"@type":"ListItem","@id":"https:\/\/roots-to-soar.com\/es\/producto\/nadal-calendari-dadvent-personalitzable\/#listItem","name":"NADAL &#8211; Calendari d&rsquo;Advent Personalitzable"},"previousItem":{"@type":"ListItem","@id":"https:\/\/roots-to-soar.com\/es#listItem","name":"Home"}},{"@type":"ListItem","@id":"https:\/\/roots-to-soar.com\/es\/producto\/nadal-calendari-dadvent-personalitzable\/#listItem","position":3,"name":"NADAL &#8211; Calendari d&rsquo;Advent Personalitzable","previousItem":{"@type":"ListItem","@id":"https:\/\/roots-to-soar.com\/es\/categoria-producto\/non-classe\/#listItem","name":"Non class\u00e9"}}]},{"@type":"ItemPage","@id":"https:\/\/roots-to-soar.com\/es\/producto\/nadal-calendari-dadvent-personalitzable\/#itempage","url":"https:\/\/roots-to-soar.com\/es\/producto\/nadal-calendari-dadvent-personalitzable\/","name":"NADAL \u2013 Calendari d\u2019Advent Personalitzable - roots-to-soar","description":"Un PDF per imprimir i crear un calendari d\u2019Advent \u00fanic, ple d\u2019activitats, tendresa i moments compartits en fam\u00edlia.","inLanguage":"es-ES","isPartOf":{"@id":"https:\/\/roots-to-soar.com\/es\/#website"},"breadcrumb":{"@id":"https:\/\/roots-to-soar.com\/es\/producto\/nadal-calendari-dadvent-personalitzable\/#breadcrumblist"},"image":{"@type":"ImageObject","url":"https:\/\/roots-to-soar.com\/wp-content\/uploads\/2025\/11\/foto-cal-avent-cat.png","@id":"https:\/\/roots-to-soar.com\/es\/producto\/nadal-calendari-dadvent-personalitzable\/#mainImage","width":1025,"height":622},"primaryImageOfPage":{"@id":"https:\/\/roots-to-soar.com\/es\/producto\/nadal-calendari-dadvent-personalitzable\/#mainImage"},"datePublished":"2025-11-27T19:48:18+00:00","dateModified":"2025-11-29T01:10:34+00:00"},{"@type":"Organization","@id":"https:\/\/roots-to-soar.com\/es\/#organization","name":"roots-to-soar","description":"Roots to Soar - Des racines pour s'envoler - Arrels per volar - Ra\u00edces para volar","url":"https:\/\/roots-to-soar.com\/es\/","logo":{"@type":"ImageObject","url":"https:\/\/roots-to-soar.com\/wp-content\/uploads\/2025\/11\/cropped-LOGO-TEXTE-scaled-1.png","@id":"https:\/\/roots-to-soar.com\/es\/producto\/nadal-calendari-dadvent-personalitzable\/#organizationLogo","width":1565,"height":1625},"image":{"@id":"https:\/\/roots-to-soar.com\/es\/producto\/nadal-calendari-dadvent-personalitzable\/#organizationLogo"}},{"@type":"WebSite","@id":"https:\/\/roots-to-soar.com\/es\/#website","url":"https:\/\/roots-to-soar.com\/es\/","name":"roots-to-soar","description":"Roots to Soar - Des racines pour s'envoler - Arrels per volar - Ra\u00edces para volar","inLanguage":"es-ES","publisher":{"@id":"https:\/\/roots-to-soar.com\/es\/#organization"}}]},"og:locale":"es_ES","og:site_name":"roots-to-soar - Roots to Soar - Des racines pour s'envoler - Arrels per volar - Ra\u00edces para volar","og:type":"article","og:title":"NADAL \u2013 Calendari d\u2019Advent Personalitzable - roots-to-soar","og:description":"Un PDF per imprimir i crear un calendari d\u2019Advent \u00fanic, ple d\u2019activitats, tendresa i moments compartits en fam\u00edlia.","og:url":"https:\/\/roots-to-soar.com\/es\/producto\/nadal-calendari-dadvent-personalitzable\/","og:image":"https:\/\/roots-to-soar.com\/wp-content\/uploads\/2025\/11\/cropped-LOGO-TEXTE-scaled-1.png","og:image:secure_url":"https:\/\/roots-to-soar.com\/wp-content\/uploads\/2025\/11\/cropped-LOGO-TEXTE-scaled-1.png","article:published_time":"2025-11-27T19:48:18+00:00","article:modified_time":"2025-11-29T01:10:34+00:00","twitter:card":"summary_large_image","twitter:title":"NADAL \u2013 Calendari d\u2019Advent Personalitzable - roots-to-soar","twitter:description":"Un PDF per imprimir i crear un calendari d\u2019Advent \u00fanic, ple d\u2019activitats, tendresa i moments compartits en fam\u00edlia.","twitter:image":"https:\/\/roots-to-soar.com\/wp-content\/uploads\/2025\/11\/cropped-LOGO-TEXTE-scaled-1.png"},"aioseo_meta_data":{"post_id":"165","title":null,"description":null,"keywords":null,"keyphrases":{"focus":{"keyphrase":"nadal","score":80,"analysis":{"keyphraseInTitle":{"score":9,"maxScore":9,"error":0},"keyphraseInDescription":{"score":3,"maxScore":9,"error":1},"keyphraseLength":{"score":9,"maxScore":9,"error":0,"length":1},"keyphraseInURL":{"score":5,"maxScore":5,"error":0},"keyphraseInIntroduction":{"score":9,"maxScore":9,"error":0},"keyphraseInSubHeadings":{"score":3,"maxScore":9,"error":1},"keyphraseInImageAlt":[],"keywordDensity":{"type":"best","score":9,"maxScore":9,"error":0}}},"additional":[]},"primary_term":null,"canonical_url":null,"og_title":null,"og_description":null,"og_object_type":"default","og_image_type":"default","og_image_url":null,"og_image_width":null,"og_image_height":null,"og_image_custom_url":null,"og_image_custom_fields":null,"og_video":"","og_custom_url":null,"og_article_section":null,"og_article_tags":null,"twitter_use_og":false,"twitter_card":"default","twitter_image_type":"default","twitter_image_url":null,"twitter_image_custom_url":null,"twitter_image_custom_fields":null,"twitter_title":null,"twitter_description":null,"schema":{"blockGraphs":[],"customGraphs":[],"default":{"data":{"Article":[],"Course":[],"Dataset":[],"FAQPage":[],"Movie":[],"Person":[],"Product":[],"ProductReview":[],"Car":[],"Recipe":[],"Service":[],"SoftwareApplication":[],"WebPage":[]},"graphName":"ItemPage","isEnabled":true},"graphs":[]},"schema_type":"default","schema_type_options":null,"pillar_content":false,"robots_default":true,"robots_noindex":false,"robots_noarchive":false,"robots_nosnippet":false,"robots_nofollow":false,"robots_noimageindex":false,"robots_noodp":false,"robots_notranslate":false,"robots_max_snippet":"-1","robots_max_videopreview":"-1","robots_max_imagepreview":"large","priority":null,"frequency":"default","local_seo":null,"breadcrumb_settings":null,"limit_modified_date":false,"ai":{"faqs":[],"keyPoints":[],"titles":[],"descriptions":[],"socialPosts":{"email":[],"linkedin":[],"twitter":[],"facebook":[],"instagram":[]}},"created":"2025-11-27 19:48:18","updated":"2025-11-29 01:10:34","seo_analyzer_scan_date":null,"focus_keyword":"nadal","additional_keywords":null,"truseo_locale":null},"aioseo_breadcrumb":"<div class=\"aioseo-breadcrumbs\"><span class=\"aioseo-breadcrumb\">\n\t\t\t<a href=\"https:\/\/roots-to-soar.com\/es\" title=\"Home\">Home<\/a>\n\t\t<\/span><span class=\"aioseo-breadcrumb-separator\">&raquo;<\/span><span class=\"aioseo-breadcrumb\">\n\t\t\t<a href=\"https:\/\/roots-to-soar.com\/es\/categoria-producto\/non-classe\/\" title=\"Non class\u00e9\">Non class\u00e9<\/a>\n\t\t<\/span><span class=\"aioseo-breadcrumb-separator\">&raquo;<\/span><span class=\"aioseo-breadcrumb\">\n\t\t\tNADAL \u2013 Calendari d\u2019Advent Personalitzable\n\t\t<\/span><\/div>","aioseo_breadcrumb_json":[{"label":"Home","link":"https:\/\/roots-to-soar.com\/es"},{"label":"Non class\u00e9","link":"https:\/\/roots-to-soar.com\/es\/categoria-producto\/non-classe\/"},{"label":"NADAL &#8211; Calendari d&rsquo;Advent Personalitzable","link":"https:\/\/roots-to-soar.com\/es\/producto\/nadal-calendari-dadvent-personalitzable\/"}],"_links":{"self":[{"href":"https:\/\/roots-to-soar.com\/es\/wp-json\/wp\/v2\/product\/165","targetHints":{"allow":["GET"]}}],"collection":[{"href":"https:\/\/roots-to-soar.com\/es\/wp-json\/wp\/v2\/product"}],"about":[{"href":"https:\/\/roots-to-soar.com\/es\/wp-json\/wp\/v2\/types\/product"}],"replies":[{"embeddable":true,"href":"https:\/\/roots-to-soar.com\/es\/wp-json\/wp\/v2\/comments?post=165"}],"wp:featuredmedia":[{"embeddable":true,"href":"https:\/\/roots-to-soar.com\/es\/wp-json\/wp\/v2\/media\/167"}],"wp:attachment":[{"href":"https:\/\/roots-to-soar.com\/es\/wp-json\/wp\/v2\/media?parent=165"}],"wp:term":[{"taxonomy":"product_brand","embeddable":true,"href":"https:\/\/roots-to-soar.com\/es\/wp-json\/wp\/v2\/product_brand?post=165"},{"taxonomy":"product_cat","embeddable":true,"href":"https:\/\/roots-to-soar.com\/es\/wp-json\/wp\/v2\/product_cat?post=165"},{"taxonomy":"product_tag","embeddable":true,"href":"https:\/\/roots-to-soar.com\/es\/wp-json\/wp\/v2\/product_tag?post=165"}],"curies":[{"name":"wp","href":"https:\/\/api.w.org\/{rel}","templated":true}]}}